{"id":11801,"date":"2026-04-29T09:52:48","date_gmt":"2026-04-29T09:52:48","guid":{"rendered":"https:\/\/adminfo.umfst.ro\/?page_id=11801"},"modified":"2026-04-29T09:52:48","modified_gmt":"2026-04-29T09:52:48","slug":"kalendarium-tarnaveni-2026","status":"publish","type":"page","link":"https:\/\/adminfo.umfst.ro\/hu\/kalendarium-tarnaveni-2026\/","title":{"rendered":"Kalend\u00e1rium"},"content":{"rendered":"\t\t<div data-elementor-type=\"wp-page\" data-elementor-id=\"11801\" class=\"elementor elementor-11801 elementor-11786\" data-elementor-post-type=\"page\">\n\t\t\t\t\t\t<section class=\"elementor-section elementor-top-section elementor-element elementor-element-8837408 elementor-section-boxed elementor-section-height-default elementor-section-height-default\" data-id=\"8837408\" data-element_type=\"section\">\n\t\t\t\t\t\t<div class=\"elementor-container elementor-column-gap-default\">\n\t\t\t\t\t<div class=\"elementor-column elementor-col-100 elementor-top-column elementor-element elementor-element-57e73b3\" data-id=\"57e73b3\" data-element_type=\"column\">\n\t\t\t<div class=\"elementor-widget-wrap elementor-element-populated\">\n\t\t\t\t\t\t<div class=\"elementor-element elementor-element-74d1cfd elementor-widget elementor-widget-accordion\" data-id=\"74d1cfd\" data-element_type=\"widget\" data-widget_type=\"accordion.default\">\n\t\t\t\t<div class=\"elementor-widget-container\">\n\t\t\t\t\t\t\t<div class=\"elementor-accordion\">\n\t\t\t\t\t\t\t<div class=\"elementor-accordion-item\">\n\t\t\t\t\t<div id=\"elementor-tab-title-1221\" class=\"elementor-tab-title\" data-tab=\"1\" role=\"button\" aria-controls=\"elementor-tab-content-1221\" aria-expanded=\"false\">\n\t\t\t\t\t\t\t\t\t\t\t\t\t<span class=\"elementor-accordion-icon elementor-accordion-icon-left\" aria-hidden=\"true\">\n\t\t\t\t\t\t\t\t\t\t\t\t\t\t\t<span class=\"elementor-accordion-icon-closed\"><i class=\"fas fa-chevron-down\"><\/i><\/span>\n\t\t\t\t\t\t\t\t<span class=\"elementor-accordion-icon-opened\"><i class=\"fas fa-chevron-up\"><\/i><\/span>\n\t\t\t\t\t\t\t\t\t\t\t\t\t\t<\/span>\n\t\t\t\t\t\t\t\t\t\t\t\t<a class=\"elementor-accordion-title\" tabindex=\"0\">Sesiunea iulie 2026<\/a>\n\t\t\t\t\t<\/div>\n\t\t\t\t\t<div id=\"elementor-tab-content-1221\" class=\"elementor-tab-content elementor-clearfix\" data-tab=\"1\" role=\"region\" aria-labelledby=\"elementor-tab-title-1221\"><table><tbody><tr><td width=\"293\">13 iulie 2026 \u2013 23 iulie 2026 (ultima zi p\u00e2n\u0103 la ora 12:00)<\/td><td width=\"295\">\u00censcrieri online 24\/24h<\/td><\/tr><tr><td width=\"293\">24 iulie 2026<\/td><td width=\"295\">Afi\u0219are rezultate<\/td><\/tr><tr><td width=\"293\">27 iulie 2026, p\u00e2n\u0103 la ora 13:00<\/td><td width=\"295\">Depunere contesta\u021bii la Secretariatul Colegiului (str. Pompelor nr. 14, T\u00e2rn\u0103veni)<\/td><\/tr><tr><td width=\"293\">28 iulie 2026<\/td><td width=\"295\">Afi\u0219are rezultate finale<\/td><\/tr><tr><td width=\"293\">29 iulie 2026\u2013 31 iulie 2026 (interval orar 8:00-15:00)<\/td><td width=\"295\">Confirmare\/\u00eenmatriculare loc online \u00een platforma de \u00eenscriere \u0219i depunerea dosarelor fizice la Secretariatul Colegiului<\/td><\/tr><\/tbody><\/table><\/div>\n\t\t\t\t<\/div>\n\t\t\t\t\t\t\t<div class=\"elementor-accordion-item\">\n\t\t\t\t\t<div id=\"elementor-tab-title-1222\" class=\"elementor-tab-title\" data-tab=\"2\" role=\"button\" aria-controls=\"elementor-tab-content-1222\" aria-expanded=\"false\">\n\t\t\t\t\t\t\t\t\t\t\t\t\t<span class=\"elementor-accordion-icon elementor-accordion-icon-left\" aria-hidden=\"true\">\n\t\t\t\t\t\t\t\t\t\t\t\t\t\t\t<span class=\"elementor-accordion-icon-closed\"><i class=\"fas fa-chevron-down\"><\/i><\/span>\n\t\t\t\t\t\t\t\t<span class=\"elementor-accordion-icon-opened\"><i class=\"fas fa-chevron-up\"><\/i><\/span>\n\t\t\t\t\t\t\t\t\t\t\t\t\t\t<\/span>\n\t\t\t\t\t\t\t\t\t\t\t\t<a class=\"elementor-accordion-title\" tabindex=\"0\">Sesiunea septembrie 2026 (\u00een limita locurilor r\u0103mase neocupate dup\u0103 sesiunea din luna iulie)<\/a>\n\t\t\t\t\t<\/div>\n\t\t\t\t\t<div id=\"elementor-tab-content-1222\" class=\"elementor-tab-content elementor-clearfix\" data-tab=\"2\" role=\"region\" aria-labelledby=\"elementor-tab-title-1222\"><table><tbody><tr><td width=\"293\"><p>27 august 2026\u2013 31 august 2026 (ultima zi p\u00e2n\u0103 la ora 12:00)<\/p><\/td><td width=\"295\"><p>\u00censcrieri online 24\/24h<\/p><\/td><\/tr><tr><td width=\"293\"><p>1 septembrie 2026<\/p><\/td><td width=\"295\"><p>Afi\u0219are rezultate<\/p><\/td><\/tr><tr><td width=\"293\"><p>2 septembrie 2026, p\u00e2n\u0103 la ora 15:00<\/p><\/td><td width=\"295\"><p>Depunere contesta\u021bii la Secretariatul Colegiului (str. Pompelor nr. 14, T\u00e2rn\u0103veni)<\/p><\/td><\/tr><tr><td width=\"293\"><p>3 septembrie 2026<\/p><\/td><td width=\"295\"><p>Afi\u0219are rezultate finale<\/p><\/td><\/tr><tr><td width=\"293\"><p>4 septembrie 2026, \u00eentre orele 08:00 &#8211; 15:00<\/p><\/td><td width=\"295\"><p>Confirmare\/\u00eenmatriculare loc online \u00een platforma de \u00eenscriere \u0219i depunerea dosarelor fizice la Secretariatul Colegiului<\/p><\/td><\/tr><\/tbody><\/table><\/div>\n\t\t\t\t<\/div>\n\t\t\t\t\t\t\t\t<\/div>\n\t\t\t\t\t\t<\/div>\n\t\t\t\t<\/div>\n\t\t\t\t\t<\/div>\n\t\t<\/div>\n\t\t\t\t\t<\/div>\n\t\t<\/section>\n\t\t\t\t<\/div>\n\t\t","protected":false},"excerpt":{"rendered":"","protected":false},"author":1,"featured_media":0,"parent":0,"menu_order":0,"comment_status":"closed","ping_status":"closed","template":"","meta":{"_exactmetrics_skip_tracking":false,"_exactmetrics_sitenote_active":false,"_exactmetrics_sitenote_note":"","_exactmetrics_sitenote_category":0,"_monsterinsights_skip_tracking":false,"_monsterinsights_sitenote_active":false,"_monsterinsights_sitenote_note":"","_monsterinsights_sitenote_category":0,"footnotes":""},"class_list":["post-11801","page","type-page","status-publish","hentry"],"_links":{"self":[{"href":"https:\/\/adminfo.umfst.ro\/hu\/wp-json\/wp\/v2\/pages\/11801","targetHints":{"allow":["GET"]}}],"collection":[{"href":"https:\/\/adminfo.umfst.ro\/hu\/wp-json\/wp\/v2\/pages"}],"about":[{"href":"https:\/\/adminfo.umfst.ro\/hu\/wp-json\/wp\/v2\/types\/page"}],"author":[{"embeddable":true,"href":"https:\/\/adminfo.umfst.ro\/hu\/wp-json\/wp\/v2\/users\/1"}],"replies":[{"embeddable":true,"href":"https:\/\/adminfo.umfst.ro\/hu\/wp-json\/wp\/v2\/comments?post=11801"}],"version-history":[{"count":1,"href":"https:\/\/adminfo.umfst.ro\/hu\/wp-json\/wp\/v2\/pages\/11801\/revisions"}],"predecessor-version":[{"id":11802,"href":"https:\/\/adminfo.umfst.ro\/hu\/wp-json\/wp\/v2\/pages\/11801\/revisions\/11802"}],"wp:attachment":[{"href":"https:\/\/adminfo.umfst.ro\/hu\/wp-json\/wp\/v2\/media?parent=11801"}],"curies":[{"name":"wp","href":"https:\/\/api.w.org\/{rel}","templated":true}]}}